{"version":"1.0","provider_name":"Kruger","provider_url":"https:\/\/www.kruger.com\/fr\/","author_name":"superadmin","author_url":"https:\/\/www.kruger.com\/fr\/author\/superadmin\/","title":"\u00c9olien : \u00e0 la rencontre des communaut\u00e9s dans trois r\u00e9gions du Qu\u00e9bec - Kruger","type":"rich","width":600,"height":338,"html":"<blockquote class=\"wp-embedded-content\" data-secret=\"WLQrNcK3HU\"><a href=\"https:\/\/www.kruger.com\/fr\/news\/kruger-energie-rencontres-publiques\/\">\u00c9olien : \u00e0 la rencontre des communaut\u00e9s dans trois r\u00e9gions du Qu\u00e9bec<\/a><\/blockquote><iframe sandbox=\"allow-scripts\" security=\"restricted\" src=\"https:\/\/www.kruger.com\/fr\/news\/kruger-energie-rencontres-publiques\/embed\/#?secret=WLQrNcK3HU\" width=\"600\" height=\"338\" title=\"\u00ab\u00a0\u00c9olien : \u00e0 la rencontre des communaut\u00e9s dans trois r\u00e9gions du Qu\u00e9bec\u00a0\u00bb &#8212; Kruger\" data-secret=\"WLQrNcK3HU\" frameborder=\"0\" marginwidth=\"0\" marginheight=\"0\" scrolling=\"no\" class=\"wp-embedded-content\"><\/iframe><script type=\"text\/javascript\">\n\/* <![CDATA[ *\/\n\/*! This file is auto-generated *\/\n!function(d,l){\"use strict\";l.querySelector&&d.addEventListener&&\"undefined\"!=typeof URL&&(d.wp=d.wp||{},d.wp.receiveEmbedMessage||(d.wp.receiveEmbedMessage=function(e){var t=e.data;if((t||t.secret||t.message||t.value)&&!\/[^a-zA-Z0-9]\/.test(t.secret)){for(var s,r,n,a=l.querySelectorAll('iframe[data-secret=\"'+t.secret+'\"]'),o=l.querySelectorAll('blockquote[data-secret=\"'+t.secret+'\"]'),c=new RegExp(\"^https?:$\",\"i\"),i=0;i<o.length;i++)o[i].style.display=\"none\";for(i=0;i<a.length;i++)s=a[i],e.source===s.contentWindow&&(s.removeAttribute(\"style\"),\"height\"===t.message?(1e3<(r=parseInt(t.value,10))?r=1e3:~~r<200&&(r=200),s.height=r):\"link\"===t.message&&(r=new URL(s.getAttribute(\"src\")),n=new URL(t.value),c.test(n.protocol))&&n.host===r.host&&l.activeElement===s&&(d.top.location.href=t.value))}},d.addEventListener(\"message\",d.wp.receiveEmbedMessage,!1),l.addEventListener(\"DOMContentLoaded\",function(){for(var e,t,s=l.querySelectorAll(\"iframe.wp-embedded-content\"),r=0;r<s.length;r++)(t=(e=s[r]).getAttribute(\"data-secret\"))||(t=Math.random().toString(36).substring(2,12),e.src+=\"#?secret=\"+t,e.setAttribute(\"data-secret\",t)),e.contentWindow.postMessage({message:\"ready\",secret:t},\"*\")},!1)))}(window,document);\n\/\/# sourceURL=https:\/\/www.kruger.com\/wp-includes\/js\/wp-embed.min.js\n\/* ]]> *\/\n<\/script>\n","thumbnail_url":"https:\/\/www.kruger.com\/wp-content\/uploads\/2023\/10\/kei-3-scaled.jpeg","thumbnail_width":2560,"thumbnail_height":1920,"description":"[vc_row][vc_column width=\u00a0\u00bb2\/12&Prime;][\/vc_column][vc_column width=\u00a0\u00bb8\/12&Prime;][vc_column_text]Une \u00e9quipe de Kruger \u00c9nergie a pris la route au printemps 2023 pour aller \u00e0 la rencontre des citoyens et citoyennes de trois r\u00e9gions du Qu\u00e9bec o\u00f9 de potentiels projets de parcs \u00e9oliens sont en d\u00e9veloppement.\u00a0\u00a0 L\u2019initiative fait suite au plus r\u00e9cent appel d\u2019offres d\u2019Hydro-Qu\u00e9bec pour 1\u2009500\u202fMW d\u2019\u00e9nergie \u00e9olienne. Kruger \u00c9nergie avait des [&hellip;]"}